{"id":386,"date":"2026-01-29T18:34:50","date_gmt":"2026-01-29T18:34:50","guid":{"rendered":"https:\/\/www.consterapia.com\/?page_id=386"},"modified":"2026-04-14T13:42:03","modified_gmt":"2026-04-14T13:42:03","slug":"la-source-qui-suis-je","status":"publish","type":"page","link":"https:\/\/www.consterapia.com\/?page_id=386","title":{"rendered":"\u00ab\u00a0Je suis\u00a0\u00bb"},"content":{"rendered":"\n<h2 class=\"wp-block-heading has-text-align-center has-text-color has-link-color wp-elements-ce17ec222c3255a7e98f4552269d7d19\" style=\"color:#8da38d;font-size:39px\">La voie de l&rsquo;accompagnement&#8230;<\/h2>\n\n\n\n<figure class=\"wp-block-image aligncenter size-full\"><img loading=\"lazy\" decoding=\"async\" width=\"300\" height=\"301\" src=\"http:\/\/www.consterapia.com\/wp-content\/uploads\/2026\/01\/moi-300-301.jpg\" alt=\"\" class=\"wp-image-61\" srcset=\"https:\/\/www.consterapia.com\/wp-content\/uploads\/2026\/01\/moi-300-301.jpg 300w, https:\/\/www.consterapia.com\/wp-content\/uploads\/2026\/01\/moi-300-301-150x150.jpg 150w\" sizes=\"auto, (max-width: 300px) 100vw, 300px\" \/><\/figure>\n\n\n\n<p class=\"has-text-align-center\"><strong>Je suis Vanessa Giusto.<\/strong> <\/p>\n\n\n\n<p class=\"has-text-align-center\"><strong>Facilitatrice en constelations familiales, <\/strong>(reconnue par la COFASY).<\/p>\n\n\n\n<p class=\"has-text-align-center\"><strong>R\u00e9v\u00e9latrice de R\u00e9sonance Cellulaire Syst\u00e9mique<\/strong>, (<em>Fondatrice de la m\u00e9thode ELA<\/em>).<\/p>\n\n\n\n<p class=\"has-text-align-center\"><strong>Coach de th\u00e9\u00e2tre th\u00e9rapeutique, <\/strong>sp\u00e9cialis\u00e9e dans le d\u00e9veloppement personnel et la reconnexion \u00e0 soi.<\/p>\n\n\n\n<p class=\"has-text-align-center\"><strong>Energ\u00e9ticienne<\/strong>, sp\u00e9cialis\u00e9e dans le massage th\u00e9rapeutique de la lib\u00e9ration du corps et de l&rsquo;esprit.<\/p>\n\n\n\n<p class=\"has-text-align-center\">L\u2019ann\u00e9e 2012 a marqu\u00e9 le point de d\u00e9part d\u2019une profonde m\u00e9tamorphose dans ma vie. Ce fut l\u2019instant d\u2019une premi\u00e8re prise de conscience capitale. <\/p>\n\n\n\n<p class=\"has-text-align-center\">Le chemin que j\u2019empruntais n\u2019\u00e9tait plus en r\u00e9sonance avec ma v\u00e9rit\u00e9 et mes aspirations profondes.<\/p>\n\n\n\n<p class=\"has-text-align-center\">J&rsquo;ai tout plaqu\u00e9 et j&rsquo;ai saut\u00e9 dans le vide pour tenter de le remplir avec d&rsquo;autres r\u00e9sonnances et valeurs.<\/p>\n\n\n\n<p class=\"has-text-align-center\">Le chemin n&rsquo;a pas \u00e9t\u00e9 facile car d\u00e9cider de reprendre son \u00eatre en main n&rsquo;est pas une aventure toujours agr\u00e9able \u00e0 vivre, car durant le processus de gu\u00e9rison, on ne saute pas qu&rsquo;une fois, c&rsquo;est une transformation continue mais tellement merveilleuse.<\/p>\n\n\n\n<p class=\"has-text-align-center\">Depuis 14 ans, je sillonne les sentiers de la spiritualit\u00e9, du d\u00e9vellopement personnel et des diff\u00e9rentes th\u00e9rapies qui unissent \u00ab\u00a0corps &amp; l&rsquo;esprit\u00a0\u00bb.L&rsquo;un ne va pas sans l&rsquo;autre, durant la p\u00e9riode de gu\u00e9rison les deux doivent \u00eatre stimul\u00e9s ensemble. Ce parcours de transformation, jalonn\u00e9 de m\u00e9thodes riches et vari\u00e9es, m&rsquo;a appris une v\u00e9rit\u00e9 fondamentale \u00ab\u00a0<strong>l\u2019histoire de ton pass\u00e9 s\u2019arr\u00eate l\u00e0 o\u00f9 la conscience commence\u00a0\u00bb.<\/strong> En explorant mes propres lign\u00e9es et en mettant mon corps au service de la gu\u00e9rison, j&rsquo;ai appris \u00e0 pacifier mon pass\u00e9 et \u00e0 r\u00e9v\u00e9ler mon essence et surtout \u00e0 aimer celle que je suis. <\/p>\n\n\n\n<p>Aujourd&rsquo;hui, ma mission est d&rsquo;\u00eatre votre <strong>R\u00e9v\u00e9latrice de R\u00e9sonance<\/strong>. \u00c0 travers la m\u00e9thode <strong>ELA (\u00c9nergie, Lign\u00e9e, Ancrage)<\/strong>, je fusionne l&rsquo;ouverture du coeur, la connexion avec votre lign\u00e9e, et le soulagement par le corps. Je ne me contente pas de vous aider \u00e0 comprendre votre histoire ; je vous accompagne pour la lib\u00e9rer au c\u0153ur de vos cellules.<\/p>\n\n\n\n<p class=\"has-text-align-center has-medium-font-size\">Mon approche est une invitation \u00e0: <\/p>\n\n\n\n<ul class=\"wp-block-list\">\n<li><strong>Identifier la signature<\/strong> du probl\u00e9me v\u00e9cu.<\/li>\n\n\n\n<li><strong>Lib\u00e9rer le mouvement<\/strong> au sein de votre syst\u00e8me familial.<\/li>\n\n\n\n<li><strong>Informer la cellule<\/strong> pour ancrer durablement votre r\u00e9solution par le touch\u00e9.<\/li>\n<\/ul>\n\n\n\n<p class=\"has-text-align-center\">Aujourd&rsquo;hui, je peux dire \u00ab JE SUIS \u00bb un \u00eatre en paix. Bien que le chemin de l&rsquo;\u00e9volution soit infini, je r\u00e9colte les fruits de ce parcours de gu\u00e9rison. Forte de cette exp\u00e9rience, je me consacre d\u00e9sormais \u00e0 accompagner celles et ceux qui souhaitent, \u00e0 leur tour, d\u00e9nouer leurs propres n\u0153uds et partir \u00e0 la rencontre de leur lumi\u00e8re int\u00e9rieure.<\/p>\n\n\n\n<figure class=\"wp-block-image aligncenter size-full is-style-rounded\"><img loading=\"lazy\" decoding=\"async\" width=\"800\" height=\"800\" src=\"http:\/\/www.consterapia.com\/wp-content\/uploads\/2026\/01\/photo-la-source.jpg\" alt=\"\" class=\"wp-image-166\" srcset=\"https:\/\/www.consterapia.com\/wp-content\/uploads\/2026\/01\/photo-la-source.jpg 800w, https:\/\/www.consterapia.com\/wp-content\/uploads\/2026\/01\/photo-la-source-300x300.jpg 300w, https:\/\/www.consterapia.com\/wp-content\/uploads\/2026\/01\/photo-la-source-150x150.jpg 150w, https:\/\/www.consterapia.com\/wp-content\/uploads\/2026\/01\/photo-la-source-768x768.jpg 768w, https:\/\/www.consterapia.com\/wp-content\/uploads\/2026\/01\/photo-la-source-60x60.jpg 60w, https:\/\/www.consterapia.com\/wp-content\/uploads\/2026\/01\/photo-la-source-540x540.jpg 540w, https:\/\/www.consterapia.com\/wp-content\/uploads\/2026\/01\/photo-la-source-90x90.jpg 90w\" sizes=\"auto, (max-width: 800px) 100vw, 800px\" \/><\/figure>\n\n\n\n<p class=\"has-text-align-center has-medium-font-size\">gu\u00e9rir c&rsquo;est agir. Alors allons y!<\/p>\n\n\n\n<p><\/p>\n","protected":false},"excerpt":{"rendered":"<p>La voie de l&rsquo;accompagnement&#8230; Je suis Vanessa Giusto. Facilitatrice en constelations familiales, (reconnue par la COFASY). R\u00e9v\u00e9latrice de R\u00e9sonance Cellulaire Syst\u00e9mique, (Fondatrice de la m\u00e9thode ELA). Coach de th\u00e9\u00e2tre th\u00e9rapeutique, sp\u00e9cialis\u00e9e dans le d\u00e9veloppement personnel et la reconnexion \u00e0 soi. Energ\u00e9ticienne, sp\u00e9cialis\u00e9e dans le massage th\u00e9rapeutique de la lib\u00e9ration du corps et de l&rsquo;esprit. L\u2019ann\u00e9e [&hellip;]<\/p>\n","protected":false},"author":1,"featured_media":36,"parent":0,"menu_order":0,"comment_status":"closed","ping_status":"closed","template":"","meta":{"footnotes":""},"class_list":["post-386","page","type-page","status-publish","has-post-thumbnail","hentry"],"_links":{"self":[{"href":"https:\/\/www.consterapia.com\/index.php?rest_route=\/wp\/v2\/pages\/386","targetHints":{"allow":["GET"]}}],"collection":[{"href":"https:\/\/www.consterapia.com\/index.php?rest_route=\/wp\/v2\/pages"}],"about":[{"href":"https:\/\/www.consterapia.com\/index.php?rest_route=\/wp\/v2\/types\/page"}],"author":[{"embeddable":true,"href":"https:\/\/www.consterapia.com\/index.php?rest_route=\/wp\/v2\/users\/1"}],"replies":[{"embeddable":true,"href":"https:\/\/www.consterapia.com\/index.php?rest_route=%2Fwp%2Fv2%2Fcomments&post=386"}],"version-history":[{"count":10,"href":"https:\/\/www.consterapia.com\/index.php?rest_route=\/wp\/v2\/pages\/386\/revisions"}],"predecessor-version":[{"id":1387,"href":"https:\/\/www.consterapia.com\/index.php?rest_route=\/wp\/v2\/pages\/386\/revisions\/1387"}],"wp:featuredmedia":[{"embeddable":true,"href":"https:\/\/www.consterapia.com\/index.php?rest_route=\/wp\/v2\/media\/36"}],"wp:attachment":[{"href":"https:\/\/www.consterapia.com\/index.php?rest_route=%2Fwp%2Fv2%2Fmedia&parent=386"}],"curies":[{"name":"wp","href":"https:\/\/api.w.org\/{rel}","templated":true}]}}